{"id":4878,"date":"2026-03-09T14:01:39","date_gmt":"2026-03-09T13:01:39","guid":{"rendered":"https:\/\/www.deiahl.de\/about-the-gpia\/history\/2020-2026\/"},"modified":"2026-03-09T14:01:39","modified_gmt":"2026-03-09T13:01:39","slug":"2020-2026","status":"publish","type":"page","link":"https:\/\/www.deiahl.de\/en\/about-the-gpia\/history\/2020-2026\/","title":{"rendered":"2020 &#8211; 2026"},"content":{"rendered":"\n<p>The archaeological park under the Church of the Redeemer &#8220;Through the Ages&#8221; attracted up to 30,000 visitors a year until the Covid-19 pandemic. During the pandemic, the park was only allowed to open on request. While visitor numbers rose again in 2022 and 2023, the Hamas attack on October 7, 2023 and the subsequent Gaza War (2023-2025) caused tourism to collapse again. In addition, no annual volunteers, who were of great importance for the implementation of guided tours, were sent to Israel\/Palestine.   <\/p>\n\n<div class=\"wp-block-uagb-container uagb-block-3c23001d alignfull uagb-is-root-container\"><div class=\"uagb-container-inner-blocks-wrap\">\n<div class=\"wp-block-uagb-container uagb-block-be2220e6\">\n<details class=\"wp-block-details is-layout-flow wp-block-details-is-layout-flow\"><summary>Die im Jahr 2015 begonnenen Grabungen am Zionsberg in Jerusalem wurden bis zum Jahr 2026 fortgesetzt. W\u00e4hrend der vom DEI im Jahr 2020 durchgef\u00fchrten Kampagne konnten in Areal I mehrere Stadtmauern nachgewiesen und deren stratigrafische Einordnung grundlegend erforscht werden. Die \u00e4lteste Mauer dieses Bereiches (hellenistisch) liegt innerhalb des Stadtgebiets nahe der heute gut sichtbaren sp\u00e4tantiken Stadtmauer. Die wenige Jahrzehnte sp\u00e4ter errichtete hasmon\u00e4ische Mauer wurde unmittelbar au\u00dferhalb derselben entdeckt (Kasemattenmauer). Die fr\u00fchr\u00f6mische (m\u00f6glicherweise herodianische) Stadtmauer mit dem sog. \u201eEssenertor\u201c und einem Turm wurde schlie\u00dflich durch ein freistehendes Tor unter Hadrian und mit einer sp\u00e4tantiken Stadtmauer (Mauer, Tor und Turm) \u00fcberbaut. Damit besa\u00df das s\u00fcd\u00f6stliche Stadttor drei Strata. Im Areal I und ebenso in allen anderen Arealen der Grabung des DEI konnte keine alttestamentliche Mauer nachgewiesen werden. Nicht einmal Haus- oder Terassierungsmauern der Eisenzeit (d.h. der alttestamentlichen Zeit) konnten aufgefunden werden. Damit muss eine fl\u00e4chenm\u00e4\u00dfig geringere Ausdehnung Jerusalems w\u00e4hrend der Eisenzeit II (K\u00f6nigtum Hiskia) angenommen werden. &nbsp;<\/summary>\n<p><\/p>\n<\/details>\n<\/div>\n\n\n\n<div class=\"wp-block-uagb-container uagb-block-b2e53249\">\n          \n\n          <div class=\"wp-block-uagb-image uagb-block-86079fb0 wp-block-uagb-image--layout-default wp-block-uagb-image--effect-static wp-block-uagb-image--align-none\">\n            <figure class=\"wp-block-uagb-image__figure\">\n              <img decoding=\"async\" srcset=\"https:\/\/www.deiahl.de\/wp-content\/uploads\/2026\/03\/Abb.-17-Jerusalem-8-Jh-915x1024.jpg ,https:\/\/www.deiahl.de\/wp-content\/uploads\/2026\/03\/Abb.-17-Jerusalem-8-Jh.jpg 780w, https:\/\/www.deiahl.de\/wp-content\/uploads\/2026\/03\/Abb.-17-Jerusalem-8-Jh.jpg 360w\" sizes=\"auto, (max-width: 480px) 150px\" src=\"https:\/\/www.deiahl.de\/wp-content\/uploads\/2026\/03\/Abb.-17-Jerusalem-8-Jh-915x1024.jpg\" alt=\"\" class=\"uag-image-4831\" width=\"915\" height=\"1024\" title=\"Fig. 17 Jerusalem 8th century\" loading=\"lazy\" role=\"img\">\n              <figcaption class=\"uagb-image-caption\">Model of the Old City of Jerusalem from 69 AD by Conrad Schick with the presumed walls at different periods by the DEI, \u00a9BAI\/DEI.<\/figcaption>\n            <\/figure>\n          <\/div>\n          \n\n        \n<\/div>\n<\/div><\/div>\n\n<p>In 2021 and 2022, the DEI excavated in the area of the lower (Area IV) and upper monastery garden (Area V) of the Dormition Abbey, primarily late antique residential areas and a late antique road running in a north-south direction. In addition, the DEI excavations not only uncovered part of the magnificent late antique building of the Hagia Sion (Area VIII), but also the medieval wall of the church from the Crusader period. We would like to thank the monks of the Benedictine order for their kind permission for our excavation work. Furthermore, the DEI would like to thank the Wissenschafts-F\u00f6rderungsgesellschaft D\u00fcsseldorf gGmbH for all excavations on the Zionsberg from 2020 onwards.      <\/p>\n\n<div class=\"wp-block-uagb-container uagb-block-55926e40 alignfull uagb-is-root-container\"><div class=\"uagb-container-inner-blocks-wrap\">\n<div class=\"wp-block-uagb-container uagb-block-489707eb\">\n          \n\n          <div class=\"wp-block-uagb-image uagb-block-cab98492 wp-block-uagb-image--layout-default wp-block-uagb-image--effect-static wp-block-uagb-image--align-none\">\n            <figure class=\"wp-block-uagb-image__figure\">\n              <img decoding=\"async\" srcset=\"https:\/\/www.deiahl.de\/wp-content\/uploads\/2026\/03\/20260205_121145-768x1024.jpg ,https:\/\/www.deiahl.de\/wp-content\/uploads\/2026\/03\/20260205_121145-scaled.jpg 780w, https:\/\/www.deiahl.de\/wp-content\/uploads\/2026\/03\/20260205_121145-scaled.jpg 360w\" sizes=\"auto, (max-width: 480px) 150px\" src=\"https:\/\/www.deiahl.de\/wp-content\/uploads\/2026\/03\/20260205_121145-768x1024.jpg\" alt=\"\" class=\"uag-image-4870\" width=\"768\" height=\"1024\" title=\"20260205_121145\" loading=\"lazy\" role=\"img\">\n              <figcaption class=\"uagb-image-caption\">Memorial stone in the &#8220;German Garden&#8221;, \u00a9 Mareike Duin.<\/figcaption>\n            <\/figure>\n          <\/div>\n          \n\n        \n<\/div>\n\n\n\n<div class=\"wp-block-uagb-container uagb-block-cbe4f306\">\n<details class=\"wp-block-details is-layout-flow wp-block-details-is-layout-flow\"><summary>In 2021, the &#8220;German Garden&#8221; was established on the eastern side of the Auguste Victoria site on the initiative of the DEI. A generous donation in memory of Rolf Julius Schwarz-Sch\u00fctte made it possible to redesign the area, which has since become a place of rest and a meeting place for patients, hospital staff and local institutions. In the same year, the DEI converted the &#8220;Power Station&#8221;, which had been derelict for 100 years, directly next to the institute into a large finds store. This solved a significant part of the space problem in the institute building.   <\/summary>\n<p><\/p>\n<\/details>\n<\/div>\n<\/div><\/div>\n\n<p>In cooperation with the Hebrew University of Jerusalem, the DEI researched ancient Tiberias from 2022 to 2024. The project was led by Katia Cytryn (Hebrew University of Jerusalem) and Katja Soennecken (DEI Jerusalem &amp; LSRS Luxembourg). The aim of the joint research was to further explore the ancient center of Tiberias. Special attention was paid to the religious significance of the city, which is of particular relevance not only for Judaism, but also for Christianity and Islam.   <\/p>\n\n<p>Together with the German school Talitha Kumi in Beit Jala, the DEI launched the project &#8220;My home &#8211; my history&#8221; in 2022. In a three-week project, year 10 pupils are familiarized with the great history and archaeological past of the world in which they live. Beyond politically or religiously charged historical narratives, the program aims to provide students with an exciting, creative and, above all, ideology-free approach to the history of their homeland.  <\/p>\n\n<p>In 2022, Dr. Brita Jansen took over the management of the institute in Amman.<\/p>\n\n<p>Construction work on the Pilgrim and Science Center on the Mount of Olives began in December 2022. In the immediate vicinity of the Church of the Ascension, work began with the demolition of the old buildings and the excavation of a building pit. In addition to office and conference rooms, the new building will also house the DEI collection. The construction work should be completed by the end of 2027.   <\/p>\n\n<p>The 125th anniversary of the DEI, originally planned for 2023, had to be canceled due to the Hamas attack on October 7, 2023.<\/p>\n\n<div class=\"wp-block-uagb-container uagb-block-c3042b5c alignfull uagb-is-root-container\"><div class=\"uagb-container-inner-blocks-wrap\">\n<div class=\"wp-block-uagb-container uagb-block-9a9d3dbe\">\n<details class=\"wp-block-details is-layout-flow wp-block-details-is-layout-flow\"><summary>Im Jahr 2024 fand die von Katja Soennecken organisierte internationale Konferenz \u201eAuf der Suche nach Identit\u00e4t im arch\u00e4ologischen Befund\u201c an der Luxembourg School of Religion &amp; Society statt. Dabei stand die Frage im Vordergrund, inwieweit auf Basis sog. \u201ekultureller Marker\u201c \u2013 also H\u00e4ufungen bestimmter Keramikst\u00fccke, Architekturformen oder Bestattungssitten \u2013 Aussagen \u00fcber die (ethnische) Zugeh\u00f6rigkeit von Bewohnern antiker St\u00e4dte getroffen werden k\u00f6nnen.<\/summary>\n<p><\/p>\n<\/details>\n<\/div>\n\n\n\n<div class=\"wp-block-uagb-container uagb-block-486e61d8\">\n          \n\n          <div class=\"wp-block-uagb-image uagb-block-c14a7ed6 wp-block-uagb-image--layout-default wp-block-uagb-image--effect-static wp-block-uagb-image--align-none\">\n            <figure class=\"wp-block-uagb-image__figure\">\n              <img decoding=\"async\" srcset=\"https:\/\/www.deiahl.de\/wp-content\/uploads\/2026\/03\/Gruppenbild-fuer-Newsletter-1024x684.jpg ,https:\/\/www.deiahl.de\/wp-content\/uploads\/2026\/03\/Gruppenbild-fuer-Newsletter-scaled.jpg 780w, https:\/\/www.deiahl.de\/wp-content\/uploads\/2026\/03\/Gruppenbild-fuer-Newsletter-scaled.jpg 360w\" sizes=\"auto, (max-width: 480px) 150px\" src=\"https:\/\/www.deiahl.de\/wp-content\/uploads\/2026\/03\/Gruppenbild-fuer-Newsletter-1024x684.jpg\" alt=\"\" class=\"uag-image-4867\" width=\"1024\" height=\"684\" title=\"Group picture for newsletter\" loading=\"lazy\" role=\"img\">\n              <figcaption class=\"uagb-image-caption\">Conference participants &#8220;In search of identity in archaeological findings&#8221;, \u00a9 BAI\/DEI. <\/figcaption>\n            <\/figure>\n          <\/div>\n          \n\n        \n<\/div>\n<\/div><\/div>\n\n<p>In 2025, the Patriarchate of the Melkite Greek Catholic Church granted the DEI an excavation area on the western slope of the Hinnom Valley to investigate the city walls there (Area VII). Walls from the Hellenistic and Late Antique periods were found during the campaign. As again no Iron Age walls were found, this confirms the DEI&#8217;s thesis, which was already based on the findings of the excavation of Area 1, that the Old Testament city of the 8th century BC (at the time of King Hezekiah) was smaller than initially assumed. The west of Mount Zion was therefore probably not walled. The DEI would like to thank the Patriarchate and the Wissenschafts-F\u00f6rderungsgesellschaft D\u00fcsseldorf gGmbH for funding the excavation on the site of the Melkite church.     <\/p>\n\n<p>Area I of the excavation on Mount Zion was extensively secured by the DEI in order to prepare for the opening of an archaeological park in the south of Jerusalem. In addition, an access road and a visitor terrace were created by the DEI. In the process, 2\/3 of the excavation area was backfilled and the steep slopes were reinforced by Maher Mushasha. From September to October 2025, the remaining area with its city walls, gates and towers was restored by the company Wanja Wedekind.   <\/p>\n\n<p>The restoration of a courtyard house complex into a heritage house in Umm Q\u0113s began in summer 2025. The restoration was carried out using historical craftsmanship methods and thus contributes to cultural preservation in the region. <\/p>\n\n<div class=\"wp-block-uagb-container uagb-block-8b40a9cd alignfull uagb-is-root-container\"><div class=\"uagb-container-inner-blocks-wrap\">\n<div class=\"wp-block-uagb-container uagb-block-49d85a04\">\n          \n\n          <div class=\"wp-block-uagb-image uagb-block-d81d73fe wp-block-uagb-image--layout-default wp-block-uagb-image--effect-static wp-block-uagb-image--align-none\">\n            <figure class=\"wp-block-uagb-image__figure\">\n              <img decoding=\"async\" srcset=\"https:\/\/www.deiahl.de\/wp-content\/uploads\/2026\/03\/6.3.2-Artesische-Quelle-auf-dem-Tall-im-Sommer-2007-Kopie-1024x768.jpg ,https:\/\/www.deiahl.de\/wp-content\/uploads\/2026\/03\/6.3.2-Artesische-Quelle-auf-dem-Tall-im-Sommer-2007-Kopie-scaled.jpg 780w, https:\/\/www.deiahl.de\/wp-content\/uploads\/2026\/03\/6.3.2-Artesische-Quelle-auf-dem-Tall-im-Sommer-2007-Kopie-scaled.jpg 360w\" sizes=\"auto, (max-width: 480px) 150px\" src=\"https:\/\/www.deiahl.de\/wp-content\/uploads\/2026\/03\/6.3.2-Artesische-Quelle-auf-dem-Tall-im-Sommer-2007-Kopie-1024x768.jpg\" alt=\"\" class=\"uag-image-4832\" width=\"1024\" height=\"768\" title=\"6.3.2 Artesian spring on the Tall in summer 2007 Copy\" loading=\"lazy\" role=\"img\">\n              <figcaption class=\"uagb-image-caption\">The artesian spring on Tall Zir\u0101\u02bfa, \u00a9BAI\/DEI .<\/figcaption>\n            <\/figure>\n          <\/div>\n          \n\n        \n<\/div>\n\n\n\n<div class=\"wp-block-uagb-container uagb-block-2dc16864\">\n<details class=\"wp-block-details is-layout-flow wp-block-details-is-layout-flow\"><summary>Am Tall Zir\u0101\u02bfa wurde im Oktober 2025 die 9. Grabungskampagne des DEI (Leitung: Dieter Vieweger) durchgef\u00fchrt. &nbsp;Das Ziel der Kampagne war es, die artesische Quelle zu erforschen. Die Quelle in der Mitte des Talls schuf \u00fcber Jahrtausende beste Siedlungsm\u00f6glichkeiten, da sie das ganze Jahr \u00fcber die Wasserversorgung der Siedlung sicherte. Seit 2011 ist der Quellmund ausgetrocknet. Zur v\u00f6lligen \u00dcberraschung fehlten im ausgegrabenen Quellteich wie bei den drei Jahre zuvor durchgef\u00fchrten Bohrungen der Universit\u00e4t Kiel unter Federf\u00fchrung von Stefan Dreibrodt die beiden wichtigsten Besiedlungsphasen \u2013 die Bronze- und die Eisenzeit. Es wurden keine durchgehenden Steinmauern zur Auskleidung der Quellw\u00e4nde, wie sie z.B. in Byblos gefunden wurden, entdeckt. Die f\u00fcr die Bronze- und Eisenzeit typischen Trockenmauerkonstruktionen wurden im ausgegrabenen Gebiet nicht identifiziert. Die Datierung der vorliegenden Quellkonstruktionen ist fr\u00fchr\u00f6misch. Weitere Untersuchungen stehen noch aus.<\/summary>\n<p><\/p>\n<\/details>\n<\/div>\n<\/div><\/div>\n\n<p>From October 5-9, 2026, after several postponements, the anniversary conference for the 125th anniversary of the DEI will take place on the topic of &#8220;New Archaeological Research in the Holy Land&#8221; together with a festive reception for the guests of the DEI. The conference will be held in Jerusalem and Bethlehem and is intended to look to the future and promote exchange between international archaeologists. DEI Amman will also be celebrating its 60th anniversary on October 12, 2026.   <\/p>\n","protected":false},"excerpt":{"rendered":"<p>The archaeological park under the Church of the Redeemer &#8220;Through the Ages&#8221; attracted up to 30,000 visitors a year until the Covid-19 pandemic. During the [&hellip;]<\/p>\n","protected":false},"author":12,"featured_media":2290,"parent":2562,"menu_order":0,"comment_status":"closed","ping_status":"closed","template":"","meta":{"_uag_custom_page_level_css":"","site-sidebar-layout":"default","site-content-layout":"","ast-site-content-layout":"default","site-content-style":"default","site-sidebar-style":"default","ast-global-header-display":"","ast-banner-title-visibility":"","ast-main-header-display":"","ast-hfb-above-header-display":"","ast-hfb-below-header-display":"","ast-hfb-mobile-header-display":"","site-post-title":"","ast-breadcrumbs-content":"","ast-featured-img":"","footer-sml-layout":"","ast-disable-related-posts":"","theme-transparent-header-meta":"","adv-header-id-meta":"","stick-header-meta":"","header-above-stick-meta":"","header-main-stick-meta":"","header-below-stick-meta":"","astra-migrate-meta-layouts":"set","ast-page-background-enabled":"default","ast-page-background-meta":{"desktop":{"background-color":"","background-image":"","background-repeat":"repeat","background-position":"center center","background-size":"auto","background-attachment":"scroll","background-type":"","background-media":"","overlay-type":"","overlay-color":"","overlay-opacity":"","overlay-gradient":""},"tablet":{"background-color":"","background-image":"","background-repeat":"repeat","background-position":"center center","background-size":"auto","background-attachment":"scroll","background-type":"","background-media":"","overlay-type":"","overlay-color":"","overlay-opacity":"","overlay-gradient":""},"mobile":{"background-color":"","background-image":"","background-repeat":"repeat","background-position":"center center","background-size":"auto","background-attachment":"scroll","background-type":"","background-media":"","overlay-type":"","overlay-color":"","overlay-opacity":"","overlay-gradient":""}},"ast-content-background-meta":{"desktop":{"background-color":"var(--ast-global-color-5)","background-image":"","background-repeat":"repeat","background-position":"center center","background-size":"auto","background-attachment":"scroll","background-type":"","background-media":"","overlay-type":"","overlay-color":"","overlay-opacity":"","overlay-gradient":""},"tablet":{"background-color":"var(--ast-global-color-5)","background-image":"","background-repeat":"repeat","background-position":"center center","background-size":"auto","background-attachment":"scroll","background-type":"","background-media":"","overlay-type":"","overlay-color":"","overlay-opacity":"","overlay-gradient":""},"mobile":{"background-color":"var(--ast-global-color-5)","background-image":"","background-repeat":"repeat","background-position":"center center","background-size":"auto","background-attachment":"scroll","background-type":"","background-media":"","overlay-type":"","overlay-color":"","overlay-opacity":"","overlay-gradient":""}},"footnotes":""},"class_list":["post-4878","page","type-page","status-publish","has-post-thumbnail","hentry"],"uagb_featured_image_src":{"full":["https:\/\/www.deiahl.de\/wp-content\/uploads\/2018\/09\/II-26.jpg",2182,1695,false],"thumbnail":["https:\/\/www.deiahl.de\/wp-content\/uploads\/2018\/09\/II-26-150x150.jpg",150,150,true],"medium":["https:\/\/www.deiahl.de\/wp-content\/uploads\/2018\/09\/II-26-300x233.jpg",300,233,true],"medium_large":["https:\/\/www.deiahl.de\/wp-content\/uploads\/2018\/09\/II-26-768x597.jpg",768,597,true],"large":["https:\/\/www.deiahl.de\/wp-content\/uploads\/2018\/09\/II-26-1024x795.jpg",1024,795,true],"1536x1536":["https:\/\/www.deiahl.de\/wp-content\/uploads\/2018\/09\/II-26.jpg",1536,1193,false],"2048x2048":["https:\/\/www.deiahl.de\/wp-content\/uploads\/2018\/09\/II-26.jpg",2048,1591,false]},"uagb_author_info":{"display_name":"Mareike Duin","author_link":"https:\/\/www.deiahl.de\/en\/author\/sekretariat\/"},"uagb_comment_info":0,"uagb_excerpt":"The archaeological park under the Church of the Redeemer &#8220;Through the Ages&#8221; attracted up to 30,000 visitors a year until the Covid-19 pandemic. During the [&hellip;]","_links":{"self":[{"href":"https:\/\/www.deiahl.de\/en\/wp-json\/wp\/v2\/pages\/4878","targetHints":{"allow":["GET"]}}],"collection":[{"href":"https:\/\/www.deiahl.de\/en\/wp-json\/wp\/v2\/pages"}],"about":[{"href":"https:\/\/www.deiahl.de\/en\/wp-json\/wp\/v2\/types\/page"}],"author":[{"embeddable":true,"href":"https:\/\/www.deiahl.de\/en\/wp-json\/wp\/v2\/users\/12"}],"replies":[{"embeddable":true,"href":"https:\/\/www.deiahl.de\/en\/wp-json\/wp\/v2\/comments?post=4878"}],"version-history":[{"count":1,"href":"https:\/\/www.deiahl.de\/en\/wp-json\/wp\/v2\/pages\/4878\/revisions"}],"predecessor-version":[{"id":4879,"href":"https:\/\/www.deiahl.de\/en\/wp-json\/wp\/v2\/pages\/4878\/revisions\/4879"}],"up":[{"embeddable":true,"href":"https:\/\/www.deiahl.de\/en\/wp-json\/wp\/v2\/pages\/2562"}],"wp:featuredmedia":[{"embeddable":true,"href":"https:\/\/www.deiahl.de\/en\/wp-json\/wp\/v2\/media\/2290"}],"wp:attachment":[{"href":"https:\/\/www.deiahl.de\/en\/wp-json\/wp\/v2\/media?parent=4878"}],"curies":[{"name":"wp","href":"https:\/\/api.w.org\/{rel}","templated":true}]}}